{"id":1374,"date":"2012-07-09T15:40:18","date_gmt":"2012-07-09T17:40:18","guid":{"rendered":"http:\/\/www.educacionrural.org\/?page_id=1374"},"modified":"2017-10-09T18:42:04","modified_gmt":"2017-10-09T20:42:04","slug":"aprendo-habilidades-para-la-vida-en-un-entorno-saludable-internado-rural-agustin-ferreiro","status":"publish","type":"page","link":"https:\/\/www.educacionrural.org\/?page_id=1374","title":{"rendered":"Flores &#8211; Internado Rural \u00abAgust\u00edn Ferreiro\u00bb &#8211; Aprendo habilidades para la vida en un entorno saludable."},"content":{"rendered":"<p>La Escuela Rural N\u00ba 5 del departamento de Flores tiene el privilegio de llevar el nombre del Maestro Agust\u00edn Ferreiro.<\/p>\n<p>Visitando este centro docente, a poco de\u00a0 conocer su funcionamiento, dialogar con su Directora e interiorizarnos en el trabajo que desarrolla, vienen a nuestra memoria p\u00e1ginas inolvidables del Maestro Ferreiro que pese a tener muchos a\u00f1os de escritas siguen siendo\u00a0 totalmente v\u00e1lidas en el presente.<\/p>\n<p>Leemos en la primera edici\u00f3n de La Ense\u00f1anza Primaria en el Medio Rural, impresa en los Talleres Gr\u00e1ficos \u201cLa Art\u00edstica\u201d del departamento de Durazno donde el autor ocupaba la Inspecci\u00f3n Departamental de Escuelas: &#8230;<em>\u201dConsidero que el maestro siempre llevar\u00e1 sobre sus hombros, sean cual sean los planes, los programas, los medios y los fines, toda la responsabilidad en materia de la educaci\u00f3n del ni\u00f1o. Sin \u00e9l no habr\u00e1 nada y no ser\u00e1 nada si el maestro pierde la conciencia de su propia capacidad\u201d.<\/em><\/p>\n<p>Dirigir un Internado escolar es todo un desaf\u00edo, hacerlo en el campo a cinco kil\u00f3metros de la ciudad es un desaf\u00edo a\u00fan mayor.<\/p>\n<p>Los docentes de la Escuela Rural N\u00ba 5 del departamento de Flores han encarado este reto con total responsabilidad y sin duda, con plena <em>\u201cconciencia<\/em> <em>de su capacidad\u201d.<\/em> Esto lo avalan los hechos.<\/p>\n<p>El proyecto de trabajo que se lleva adelante en este establecimiento docente tiene un rumbo claro: <em>\u201cAprendo\u00a0 habilidades para la vida en un entorno saludable\u201d.<\/em><\/p>\n<p>Cada palabra que compone esta sentencia est\u00e1 cargada de contenido e implica serios compromisos en el \u00e1rea educativa.<\/p>\n<p>Todos ellos se est\u00e1n cumpliendo gracias a la responsabilidad y entrega de los docentes que llevan adelante este proyecto. Durante las 24 horas que los alumnos permanecen en el Internado adquieren conocimientos en el \u00e1rea curricular, vinculando el trabajo con las actividades de granja en la medida de lo posible; aprenden inform\u00e1tica y son evaluados en l\u00ednea con las limitaciones que presenta la conectividad; adiestran sus manos; practican deportes; juegan y conviven en un medio que les enriquece por la pr\u00e1ctica constante de valores.<\/p>\n<p>Llegar y retirarse de la Escuela implica para estos ni\u00f1os otro aprendizaje. Aqu\u00ed no hay una camioneta que los espere y los lleve a sus hogares, aqu\u00ed no hay un corto trayecto a realizar, aqu\u00ed hay horarios a respetar, \u00f3mnibus a esperar, kil\u00f3metros a recorrer&#8230;<\/p>\n<p>Al presente en la Escuela trabaja una maestra francesa, la educacionista Catherine Rothenburger, que forma parte de un programa de intercambio docente en el que participan maestros de pa\u00edses europeos y de\u00a0 dos pa\u00edses de Latinoam\u00e9rica: Chile y Uruguay. Las actividades que desarrolla esta docente francesa enriquecen el trabajo curricular y ampl\u00edan el horizonte cultural de los ni\u00f1os.<\/p>\n<p>El Internado Rural de Flores constituye una experiencia riqu\u00edsima que\u00a0 podr\u00eda ser aplicable en otras zonas del medio rural uruguayo siempre que se cuente con docentes comprometidos con su misi\u00f3n y \u201c<em>conscientes de su propia capacidad\u201d <\/em>como lo propugnaba el Maestro Agust\u00edn Ferreiro.<\/p>\n<p><a href=\"http:\/\/www.educacionrural.org\/wp-content\/uploads\/directora-y-francesa.jpg\"><img loading=\"lazy\" decoding=\"async\" class=\"alignleft size-large wp-image-1375\" style=\"vertical-align: middle;\" src=\"http:\/\/www.educacionrural.org\/wp-content\/uploads\/directora-y-francesa-1024x768.jpg\" alt=\"directora y francesa\" width=\"547\" height=\"411\" srcset=\"https:\/\/www.educacionrural.org\/wp-content\/uploads\/directora-y-francesa-1024x768.jpg 1024w, https:\/\/www.educacionrural.org\/wp-content\/uploads\/directora-y-francesa-300x225.jpg 300w\" sizes=\"auto, (max-width: 547px) 100vw, 547px\" \/><\/a><\/p>\n<p>&nbsp;<\/p>\n<p>&nbsp;<\/p>\n<p>&nbsp;<\/p>\n<p>&nbsp;<\/p>\n<p>&nbsp;<\/p>\n<p>&nbsp;<\/p>\n<p>&nbsp;<\/p>\n<p>&nbsp;<\/p>\n<p>&nbsp;<\/p>\n<p>&nbsp;<\/p>\n<p>&nbsp;<\/p>\n<p>&nbsp;<\/p>\n<p>&nbsp;<\/p>\n<p><em>Directora del Internado Rural Sra. Mirtha Cabrera Chiazzaro junto a la Maestra francesa Sra Catherine Rothenburger<\/em><\/p>\n<p>&nbsp;<\/p>\n","protected":false},"excerpt":{"rendered":"<p>La Escuela Rural N\u00ba 5 del departamento de Flores tiene el privilegio de llevar el nombre del Maestro Agust\u00edn Ferreiro. Visitando este centro docente, a poco de\u00a0 conocer su funcionamiento, dialogar con su Directora e interiorizarnos en el trabajo que desarrolla, vienen a nuestra memoria p\u00e1ginas inolvidables del Maestro Ferreiro que pese a tener muchos &#8230; <a title=\"Flores &#8211; Internado Rural \u00abAgust\u00edn Ferreiro\u00bb &#8211; Aprendo habilidades para la vida en un entorno saludable.\" class=\"read-more\" href=\"https:\/\/www.educacionrural.org\/?page_id=1374\" aria-label=\"Leer m\u00e1s sobre Flores &#8211; Internado Rural \u00abAgust\u00edn Ferreiro\u00bb &#8211; Aprendo habilidades para la vida en un entorno saludable.\">Leer m\u00e1s<\/a><\/p>\n","protected":false},"author":2,"featured_media":0,"parent":21,"menu_order":43,"comment_status":"closed","ping_status":"closed","template":"","meta":{"footnotes":""},"class_list":["post-1374","page","type-page","status-publish"],"_links":{"self":[{"href":"https:\/\/www.educacionrural.org\/index.php?rest_route=\/wp\/v2\/pages\/1374","targetHints":{"allow":["GET"]}}],"collection":[{"href":"https:\/\/www.educacionrural.org\/index.php?rest_route=\/wp\/v2\/pages"}],"about":[{"href":"https:\/\/www.educacionrural.org\/index.php?rest_route=\/wp\/v2\/types\/page"}],"author":[{"embeddable":true,"href":"https:\/\/www.educacionrural.org\/index.php?rest_route=\/wp\/v2\/users\/2"}],"replies":[{"embeddable":true,"href":"https:\/\/www.educacionrural.org\/index.php?rest_route=%2Fwp%2Fv2%2Fcomments&post=1374"}],"version-history":[{"count":5,"href":"https:\/\/www.educacionrural.org\/index.php?rest_route=\/wp\/v2\/pages\/1374\/revisions"}],"predecessor-version":[{"id":3857,"href":"https:\/\/www.educacionrural.org\/index.php?rest_route=\/wp\/v2\/pages\/1374\/revisions\/3857"}],"up":[{"embeddable":true,"href":"https:\/\/www.educacionrural.org\/index.php?rest_route=\/wp\/v2\/pages\/21"}],"wp:attachment":[{"href":"https:\/\/www.educacionrural.org\/index.php?rest_route=%2Fwp%2Fv2%2Fmedia&parent=1374"}],"curies":[{"name":"wp","href":"https:\/\/api.w.org\/{rel}","templated":true}]}}