{"id":1814,"date":"2013-06-01T14:50:00","date_gmt":"2013-06-01T16:50:00","guid":{"rendered":"http:\/\/www.educacionrural.org\/?page_id=1814"},"modified":"2017-10-09T18:57:38","modified_gmt":"2017-10-09T20:57:38","slug":"centro-ecologico-integrado-al-medio-rural-ceimer","status":"publish","type":"page","link":"https:\/\/www.educacionrural.org\/?page_id=1814","title":{"rendered":"Rocha &#8211; Centro Ecol\u00f3gico Integrado al Medio Rural (CEIMER)"},"content":{"rendered":"<h2>Una experiencia a imitar<\/h2>\n<p>Junto con la Maestra CAPDER de Rocha nos dirigimos al Centro Ecol\u00f3gico Integrado al Medio Rural (CEIMER).<\/p>\n<p>Dejamos la capital rochense y tomamos la ruta 15.<\/p>\n<p>En el kil\u00f3metro 18 se encuentra este Instituto en un predio de cinco hect\u00e1reas.<\/p>\n<p><a href=\"http:\/\/www.educacionrural.org\/wp-content\/uploads\/CEIMER-Cartel-indicador-del-Centro.jpg\"><img loading=\"lazy\" decoding=\"async\" class=\"size-full wp-image-1815 aligncenter\" src=\"http:\/\/www.educacionrural.org\/wp-content\/uploads\/CEIMER-Cartel-indicador-del-Centro.jpg\" alt=\"CEIMER Cartel indicador del Centro\" width=\"640\" height=\"480\" srcset=\"https:\/\/www.educacionrural.org\/wp-content\/uploads\/CEIMER-Cartel-indicador-del-Centro.jpg 640w, https:\/\/www.educacionrural.org\/wp-content\/uploads\/CEIMER-Cartel-indicador-del-Centro-300x225.jpg 300w\" sizes=\"auto, (max-width: 640px) 100vw, 640px\" \/><\/a><\/p>\n<p><a href=\"http:\/\/www.educacionrural.org\/wp-content\/uploads\/CEIMER-Banderas-a-la-entrada.jpg\"><img loading=\"lazy\" decoding=\"async\" class=\"size-full wp-image-1816 aligncenter\" src=\"http:\/\/www.educacionrural.org\/wp-content\/uploads\/CEIMER-Banderas-a-la-entrada.jpg\" alt=\"CEIMER Banderas a la entrada\" width=\"640\" height=\"480\" srcset=\"https:\/\/www.educacionrural.org\/wp-content\/uploads\/CEIMER-Banderas-a-la-entrada.jpg 640w, https:\/\/www.educacionrural.org\/wp-content\/uploads\/CEIMER-Banderas-a-la-entrada-300x225.jpg 300w\" sizes=\"auto, (max-width: 640px) 100vw, 640px\" \/><\/a><\/p>\n<p>El 1\u00ba de agosto de 1911 comenz\u00f3 a funcionar en este local una escuela rural. La construcci\u00f3n central es s\u00f3lida, con amplios salones, casa para el maestro y una luminosa galer\u00eda.<\/p>\n<p>De acuerdo al informe presentado por el Inspector Abner Prada al Encuentro de Maestros Rurales celebrado en 1957 en el Museo Pedag\u00f3gico \u201cJos\u00e9 Pedro Varela\u201d, esta escuela rural fue seleccionada para integrarse al proyecto de Escuelas Granjas el d\u00eda 14 de mayo de 1945.<\/p>\n<p>Seg\u00fan nos informan las maestras del Centro, en un viejo Libro Diario, consta que el 23 de mayo de 1945 se reunieron en el local escolar los docentes y el vecindario de la localidad para escuchar la palabra del Consejero Agust\u00edn Ferreiro quien explic\u00f3 la funci\u00f3n que cumplir\u00edan las Escuelas Granjas. Se consigna adem\u00e1s que, acompa\u00f1ando al Maestro Agust\u00edn Ferreiro, se hicieron presentes el Sr. Inspector Departamental, todos los Sub-Inspectores y eI Intendente de Rocha.<\/p>\n<p>Se destaca que la concurrencia sigui\u00f3 con vivo inter\u00e9s la exposici\u00f3n del Maestro Agust\u00edn Ferreiro.<\/p>\n<p>Es \u00e9sta una p\u00e1gina de la historia del establecimiento que debe ser rescatada y que evocamos con emoci\u00f3n porque en aquel a\u00f1o de 1945 las Escuelas Granjas eran, seg\u00fan el propio Maestro Agust\u00edn Ferreiro \u201cuna experiencia promisoria\u201d, aut\u00e9nticos \u201claboratorios de pedagog\u00eda rural\u201d, promov\u00edan \u201cuna esperanza\u201d para la educaci\u00f3n rural.<\/p>\n<p>En algunos casos el tiempo lo confirm\u00f3, en otros la experiencia qued\u00f3 por el camino. Hoy el CEIMER revive aquellas expectativas y se constituye en un ensayo que merece ser conocido y cuya acci\u00f3n debe ser difundida y multiplicada<\/p>\n<p>&nbsp;<\/p>\n","protected":false},"excerpt":{"rendered":"<p>Una experiencia a imitar Junto con la Maestra CAPDER de Rocha nos dirigimos al Centro Ecol\u00f3gico Integrado al Medio Rural (CEIMER). Dejamos la capital rochense y tomamos la ruta 15. En el kil\u00f3metro 18 se encuentra este Instituto en un predio de cinco hect\u00e1reas. El 1\u00ba de agosto de 1911 comenz\u00f3 a funcionar en este &#8230; <a title=\"Rocha &#8211; Centro Ecol\u00f3gico Integrado al Medio Rural (CEIMER)\" class=\"read-more\" href=\"https:\/\/www.educacionrural.org\/?page_id=1814\" aria-label=\"Leer m\u00e1s sobre Rocha &#8211; Centro Ecol\u00f3gico Integrado al Medio Rural (CEIMER)\">Leer m\u00e1s<\/a><\/p>\n","protected":false},"author":2,"featured_media":0,"parent":21,"menu_order":63,"comment_status":"closed","ping_status":"closed","template":"","meta":{"footnotes":""},"class_list":["post-1814","page","type-page","status-publish"],"_links":{"self":[{"href":"https:\/\/www.educacionrural.org\/index.php?rest_route=\/wp\/v2\/pages\/1814","targetHints":{"allow":["GET"]}}],"collection":[{"href":"https:\/\/www.educacionrural.org\/index.php?rest_route=\/wp\/v2\/pages"}],"about":[{"href":"https:\/\/www.educacionrural.org\/index.php?rest_route=\/wp\/v2\/types\/page"}],"author":[{"embeddable":true,"href":"https:\/\/www.educacionrural.org\/index.php?rest_route=\/wp\/v2\/users\/2"}],"replies":[{"embeddable":true,"href":"https:\/\/www.educacionrural.org\/index.php?rest_route=%2Fwp%2Fv2%2Fcomments&post=1814"}],"version-history":[{"count":4,"href":"https:\/\/www.educacionrural.org\/index.php?rest_route=\/wp\/v2\/pages\/1814\/revisions"}],"predecessor-version":[{"id":3876,"href":"https:\/\/www.educacionrural.org\/index.php?rest_route=\/wp\/v2\/pages\/1814\/revisions\/3876"}],"up":[{"embeddable":true,"href":"https:\/\/www.educacionrural.org\/index.php?rest_route=\/wp\/v2\/pages\/21"}],"wp:attachment":[{"href":"https:\/\/www.educacionrural.org\/index.php?rest_route=%2Fwp%2Fv2%2Fmedia&parent=1814"}],"curies":[{"name":"wp","href":"https:\/\/api.w.org\/{rel}","templated":true}]}}