{"id":21,"date":"2011-08-31T14:34:16","date_gmt":"2011-08-31T17:34:16","guid":{"rendered":"http:\/\/www.educacionrural.org\/?page_id=21"},"modified":"2013-04-08T22:35:51","modified_gmt":"2013-04-09T01:35:51","slug":"maestros-del-siglo-xxi","status":"publish","type":"page","link":"https:\/\/www.educacionrural.org\/?page_id=21","title":{"rendered":"Maestros del Siglo XXI"},"content":{"rendered":"<ul class=\"list-pages-shortcode child-pages\"><li class=\"page_item page-item-2260\"><a href=\"https:\/\/www.educacionrural.org\/?page_id=2260\">Entrevista Director del Departamento de Educaci\u00f3n Rural del CEIP, L\u00edmber Santos<\/a><\/li>\n<li class=\"page_item page-item-3156\"><a href=\"https:\/\/www.educacionrural.org\/?page_id=3156\">Presentaci\u00f3n y distribuci\u00f3n del librillo \u00abCurso de capacitaci\u00f3n en Producci\u00f3n Av\u00edcola\u00bb<\/a><\/li>\n<li class=\"page_item page-item-1642\"><a href=\"https:\/\/www.educacionrural.org\/?page_id=1642\">Artigas &#8211; Visitamos el Departamento de Artigas<\/a><\/li>\n<li class=\"page_item page-item-1651\"><a href=\"https:\/\/www.educacionrural.org\/?page_id=1651\">Artigas &#8211; En el camino<\/a><\/li>\n<li class=\"page_item page-item-1638\"><a href=\"https:\/\/www.educacionrural.org\/?page_id=1638\">Artigas &#8211; Entrevistamos al Maestro CAPDER de Artigas<\/a><\/li>\n<li class=\"page_item page-item-1695\"><a href=\"https:\/\/www.educacionrural.org\/?page_id=1695\">Artigas &#8211; Internado Rural de Paso Far\u00edas<\/a><\/li>\n<li class=\"page_item page-item-2498\"><a href=\"https:\/\/www.educacionrural.org\/?page_id=2498\">Canelones-Visitamos la Inspecci\u00f3n de Pando<\/a><\/li>\n<li class=\"page_item page-item-2448\"><a href=\"https:\/\/www.educacionrural.org\/?page_id=2448\">Canelones. Centro  Educativo Rural  (C.E.R.)<\/a><\/li>\n<li class=\"page_item page-item-1518\"><a href=\"https:\/\/www.educacionrural.org\/?page_id=1518\">Durazno &#8211; Visitamos el Departamento de Durazno, Uruguay.<\/a><\/li>\n<li class=\"page_item page-item-2270\"><a href=\"https:\/\/www.educacionrural.org\/?page_id=2270\">Durazno &#8211; Entrevista a la Maestra CAPDER de Durazno<\/a><\/li>\n<li class=\"page_item page-item-1508\"><a href=\"https:\/\/www.educacionrural.org\/?page_id=1508\">Durazno &#8211; Escuela Rural N\u00ba 17 Paso de Castro<\/a><\/li>\n<li class=\"page_item page-item-1460\"><a href=\"https:\/\/www.educacionrural.org\/?page_id=1460\">Durazno &#8211; El local de la Escuela Rural N\u00ba 17  Paso de Castro<\/a><\/li>\n<li class=\"page_item page-item-1511\"><a href=\"https:\/\/www.educacionrural.org\/?page_id=1511\">Durazno &#8211; El alumnado de la Escuela Rural N\u00ba 17 Paso de Castro<\/a><\/li>\n<li class=\"page_item page-item-1739\"><a href=\"https:\/\/www.educacionrural.org\/?page_id=1739\">Durazno &#8211; Entrevista a la Maestra Silvia Fuentes de la Escuela Rural N\u00ba 17, Paso de Castro<\/a><\/li>\n<li class=\"page_item page-item-1457\"><a href=\"https:\/\/www.educacionrural.org\/?page_id=1457\">Durazno &#8211; An\u00e9cdotas del camino<\/a><\/li>\n<li class=\"page_item page-item-1547\"><a href=\"https:\/\/www.educacionrural.org\/?page_id=1547\">Durazno &#8211; D\u00eda del Ni\u00f1o Rural<\/a><\/li>\n<li class=\"page_item page-item-1530\"><a href=\"https:\/\/www.educacionrural.org\/?page_id=1530\">Durazno &#8211; D\u00eda del Ni\u00f1o Rural en Durazno. Maestros<\/a><\/li>\n<li class=\"page_item page-item-1520\"><a href=\"https:\/\/www.educacionrural.org\/?page_id=1520\">Durazno &#8211; D\u00eda del Ni\u00f1o Rural en la ciudad de Durazno. Intercambio de experiencias<\/a><\/li>\n<li class=\"page_item page-item-1758\"><a href=\"https:\/\/www.educacionrural.org\/?page_id=1758\">Durazno &#8211; D\u00eda del Ni\u00f1o Rural. Recreaci\u00f3n<\/a><\/li>\n<li class=\"page_item page-item-1536\"><a href=\"https:\/\/www.educacionrural.org\/?page_id=1536\">Durazno &#8211; El logo que crearon los escolares rurales duraznenses<\/a><\/li>\n<li class=\"page_item page-item-3028\"><a href=\"https:\/\/www.educacionrural.org\/?page_id=3028\">Durazno &#8211; Celebraci\u00f3n del D\u00eda de la Educaci\u00f3n Rural<\/a><\/li>\n<li class=\"page_item page-item-1430\"><a href=\"https:\/\/www.educacionrural.org\/?page_id=1430\">Durazno &#8211; La Escuela N\u00ba 13 de Aguas Buenas, departamento de Durazno<\/a><\/li>\n<li class=\"page_item page-item-1437\"><a href=\"https:\/\/www.educacionrural.org\/?page_id=1437\">Durazno &#8211; La Misi\u00f3n en Aguas Buenas, departamento de Durazno<\/a><\/li>\n<li class=\"page_item page-item-1442\"><a href=\"https:\/\/www.educacionrural.org\/?page_id=1442\">Durazno &#8211; La Misi\u00f3n Sociopedag\u00f3gica en Aguas Buenas<\/a><\/li>\n<li class=\"page_item page-item-1467\"><a href=\"https:\/\/www.educacionrural.org\/?page_id=1467\">Durazno &#8211; Desarrollo de la Misi\u00f3n en Aguas Buenas, departamento de Durazno<\/a><\/li>\n<li class=\"page_item page-item-2308\"><a href=\"https:\/\/www.educacionrural.org\/?page_id=2308\">Durazno.- Palabras de la Maestra CAPDER. Misi\u00f3n en Feliciano<\/a><\/li>\n<li class=\"page_item page-item-2312\"><a href=\"https:\/\/www.educacionrural.org\/?page_id=2312\">Durazno &#8211; 100 a\u00f1os de la Escuela N\u00ba47, Colonia Rossell y Rius<\/a><\/li>\n<li class=\"page_item page-item-2615\"><a href=\"https:\/\/www.educacionrural.org\/?page_id=2615\">Durazno-La Escuela como facilitadora de la dimensi\u00f3n local del Desarrollo.<\/a><\/li>\n<li class=\"page_item page-item-1340\"><a href=\"https:\/\/www.educacionrural.org\/?page_id=1340\">Flores &#8211; Visita a Escuelas Rurales<\/a><\/li>\n<li class=\"page_item page-item-1305\"><a href=\"https:\/\/www.educacionrural.org\/?page_id=1305\">Flores &#8211; Escuela Rural Puntas del Sauce<\/a><\/li>\n<li class=\"page_item page-item-1330\"><a href=\"https:\/\/www.educacionrural.org\/?page_id=1330\">Flores &#8211; Local de la Escuela Rural N\u00b013 \u00abClemente Estable\u00bb<\/a><\/li>\n<li class=\"page_item page-item-1313\"><a href=\"https:\/\/www.educacionrural.org\/?page_id=1313\">Flores &#8211; Direcci\u00f3n, alumnado y personal de la Escuela Rural N\u00b013<\/a><\/li>\n<li class=\"page_item page-item-1303\"><a href=\"https:\/\/www.educacionrural.org\/?page_id=1303\">Flores &#8211; Club Agrario Infantil \u00abLa uni\u00f3n hace la fuerza\u00bb, Escuela Rural N\u00ba13<\/a><\/li>\n<li class=\"page_item page-item-1293\"><a href=\"https:\/\/www.educacionrural.org\/?page_id=1293\">Flores &#8211; Club Agrario Juvenil \u201cEn Marcha\u201d<\/a><\/li>\n<li class=\"page_item page-item-1666\"><a href=\"https:\/\/www.educacionrural.org\/?page_id=1666\">Movimiento de la Juventud Agraria &#8211; Presentaci\u00f3n<\/a><\/li>\n<li class=\"page_item page-item-1664\"><a href=\"https:\/\/www.educacionrural.org\/?page_id=1664\">Movimiento de la Juventud Agraria &#8211; Programa Plan Ovino<\/a><\/li>\n<li class=\"page_item page-item-1311\"><a href=\"https:\/\/www.educacionrural.org\/?page_id=1311\">Flores &#8211; Haciendo un poco de historia&#8230;<\/a><\/li>\n<li class=\"page_item page-item-1301\"><a href=\"https:\/\/www.educacionrural.org\/?page_id=1301\">Flores &#8211; Competencias Deportivas<\/a><\/li>\n<li class=\"page_item page-item-1270\"><a href=\"https:\/\/www.educacionrural.org\/?page_id=1270\">Flores &#8211; Escuela Rural N\u00b0 33 \u00abSanta Adelaida\u00bb<\/a><\/li>\n<li class=\"page_item page-item-1259\"><a href=\"https:\/\/www.educacionrural.org\/?page_id=1259\">Flores &#8211; El local de la Escuela Rural N\u00ba 33 \u00abSanta Adelaida\u00bb<\/a><\/li>\n<li class=\"page_item page-item-1378\"><a href=\"https:\/\/www.educacionrural.org\/?page_id=1378\">Flores &#8211; Escuela N\u00ba 5 Internado Rural \u00abMaestro Agust\u00edn Ferreiro\u00bb<\/a><\/li>\n<li class=\"page_item page-item-1737\"><a href=\"https:\/\/www.educacionrural.org\/?page_id=1737\">Flores &#8211; Entrevista a la Directora del Internado Rural N\u00ba 5<\/a><\/li>\n<li class=\"page_item page-item-1367\"><a href=\"https:\/\/www.educacionrural.org\/?page_id=1367\">Flores &#8211; El alumnado del Internado Rural Agust\u00edn Ferreiro<\/a><\/li>\n<li class=\"page_item page-item-1354\"><a href=\"https:\/\/www.educacionrural.org\/?page_id=1354\">Flores &#8211; Personal docente de la Escuela Agust\u00edn Ferreiro<\/a><\/li>\n<li class=\"page_item page-item-1350\"><a href=\"https:\/\/www.educacionrural.org\/?page_id=1350\">Flores &#8211; Personal auxiliar que trabaja en la Escuela Internado N\u00ba 5 \u00abMaestro Agust\u00edn Ferreiro\u00bb<\/a><\/li>\n<li class=\"page_item page-item-1387\"><a href=\"https:\/\/www.educacionrural.org\/?page_id=1387\">Flores &#8211; Actividades de granja en la Escuela Internado N\u00ba 5 Maestro Agust\u00edn Ferreiro<\/a><\/li>\n<li class=\"page_item page-item-1374\"><a href=\"https:\/\/www.educacionrural.org\/?page_id=1374\">Flores &#8211; Internado Rural \u00abAgust\u00edn Ferreiro\u00bb &#8211; Aprendo habilidades para la vida en un entorno saludable.<\/a><\/li>\n<li class=\"page_item page-item-1630\"><a href=\"https:\/\/www.educacionrural.org\/?page_id=1630\">Florida &#8211; Visitamos el Departamento de Florida<\/a><\/li>\n<li class=\"page_item page-item-2278\"><a href=\"https:\/\/www.educacionrural.org\/?page_id=2278\">Florida &#8211; Entrevista a la Inspectora y al Maestro CAPDER de Florida<\/a><\/li>\n<li class=\"page_item page-item-2511\"><a href=\"https:\/\/www.educacionrural.org\/?page_id=2511\">Lavalleja. Entrevista al CAPDER Maestro Julio Ibarra<\/a><\/li>\n<li class=\"page_item page-item-2513\"><a href=\"https:\/\/www.educacionrural.org\/?page_id=2513\">Lavalleja. Escuela N\u00ba 34 Granja Experimental \u201cAgust\u00edn Ferreiro\u201d<\/a><\/li>\n<li class=\"page_item page-item-2522\"><a href=\"https:\/\/www.educacionrural.org\/?page_id=2522\">Lavalleja.  El local de la Escuela N\u00ba 34 Granja Experimental \u201cAgust\u00edn Ferreiro<\/a><\/li>\n<li class=\"page_item page-item-2564\"><a href=\"https:\/\/www.educacionrural.org\/?page_id=2564\">Lavalleja. Escuela Granja Experimental \u201cAgust\u00edn Ferreiro\u201d Escuela Productiva<\/a><\/li>\n<li class=\"page_item page-item-2555\"><a href=\"https:\/\/www.educacionrural.org\/?page_id=2555\">Lavalleja Escuela N\u00ba 34  Granja Experimental \u201cAgust\u00edn Ferreiro\u201d Cooperativismo<\/a><\/li>\n<li class=\"page_item page-item-2608\"><a href=\"https:\/\/www.educacionrural.org\/?page_id=2608\">Lavalleja Escuela N\u00ba 34 Granja Experimental \u00abAgust\u00edn Ferreiro\u00bb Cantos y Danzas<\/a><\/li>\n<li class=\"page_item page-item-2852\"><a href=\"https:\/\/www.educacionrural.org\/?page_id=2852\">Maldonado Centro Escolar de Capacitaci\u00f3n Rural (CECRU N\u00ba 1)<\/a><\/li>\n<li class=\"page_item page-item-2913\"><a href=\"https:\/\/www.educacionrural.org\/?page_id=2913\">Maldonado &#8211; El personal del C.E.C.R.U.<\/a><\/li>\n<li class=\"page_item page-item-2918\"><a href=\"https:\/\/www.educacionrural.org\/?page_id=2918\">Maldonado &#8211; El CECRU en acci\u00f3n<\/a><\/li>\n<li class=\"page_item page-item-2934\"><a href=\"https:\/\/www.educacionrural.org\/?page_id=2934\">Maldonado  CECRU Escuelas visitantes<\/a><\/li>\n<li class=\"page_item page-item-1687\"><a href=\"https:\/\/www.educacionrural.org\/?page_id=1687\">Paysand\u00fa &#8211; Visitamos el Departamento de Paysand\u00fa<\/a><\/li>\n<li class=\"page_item page-item-2276\"><a href=\"https:\/\/www.educacionrural.org\/?page_id=2276\">Paysand\u00fa &#8211; Entrevista a la Inspectora y Maestra CAPDER de Paysand\u00fa<\/a><\/li>\n<li class=\"page_item page-item-1655\"><a href=\"https:\/\/www.educacionrural.org\/?page_id=1655\">Paysand\u00fa &#8211; Visitamos la Escuela Rural N\u00ba 7 San Francisco<\/a><\/li>\n<li class=\"page_item page-item-1605\"><a href=\"https:\/\/www.educacionrural.org\/?page_id=1605\">R\u00edo Negro &#8211; Visitamos el departamento de R\u00edo Negro<\/a><\/li>\n<li class=\"page_item page-item-2280\"><a href=\"https:\/\/www.educacionrural.org\/?page_id=2280\">R\u00edo Negro &#8211; Entrevista al Maestro CAPDER de R\u00edo Negro<\/a><\/li>\n<li class=\"page_item page-item-1818\"><a href=\"https:\/\/www.educacionrural.org\/?page_id=1818\">Rocha &#8211; Visitamos el Departamento de Rocha<\/a><\/li>\n<li class=\"page_item page-item-2285\"><a href=\"https:\/\/www.educacionrural.org\/?page_id=2285\">Rocha &#8211; Entrevista a la Maestra CAPDER de Rocha<\/a><\/li>\n<li class=\"page_item page-item-1814\"><a href=\"https:\/\/www.educacionrural.org\/?page_id=1814\">Rocha &#8211; Centro Ecol\u00f3gico Integrado al Medio Rural (CEIMER)<\/a><\/li>\n<li class=\"page_item page-item-1861\"><a href=\"https:\/\/www.educacionrural.org\/?page_id=1861\">Rocha &#8211; EL CENTRO ECOL\u00d3GICO INTEGRADO AL MEDIO RURAL (CEIMER)<\/a><\/li>\n<li class=\"page_item page-item-2288\"><a href=\"https:\/\/www.educacionrural.org\/?page_id=2288\">Rocha &#8211; Entrevista a la Directora y la Maestra ayudante del CEIMER<\/a><\/li>\n<li class=\"page_item page-item-1857\"><a href=\"https:\/\/www.educacionrural.org\/?page_id=1857\">Rocha &#8211; El personal del Centro Ecol\u00f3gico Integrado al Medio Rural<\/a><\/li>\n<li class=\"page_item page-item-1825\"><a href=\"https:\/\/www.educacionrural.org\/?page_id=1825\">Rocha &#8211; Recorriendo el Centro Ecol\u00f3gico Integrado al Medio Rural<\/a><\/li>\n<li class=\"page_item page-item-1724\"><a href=\"https:\/\/www.educacionrural.org\/?page_id=1724\">Rocha &#8211; El CEIMER en acci\u00f3n<\/a><\/li>\n<li class=\"page_item page-item-1871\"><a href=\"https:\/\/www.educacionrural.org\/?page_id=1871\">Rocha &#8211; Celebraci\u00f3n del decimonoveno aniversario del Centro Ecol\u00f3gico Integrado al Medio Rural<\/a><\/li>\n<li class=\"page_item page-item-1889\"><a href=\"https:\/\/www.educacionrural.org\/?page_id=1889\">Rocha &#8211; Centro de Educaci\u00f3n Permanente del Adulto Mayor CEPAR-UNI 3 Rocha<\/a><\/li>\n<li class=\"page_item page-item-1187\"><a href=\"https:\/\/www.educacionrural.org\/?page_id=1187\">Soriano &#8211; Museo Escolar de Altos del Perdido<\/a><\/li>\n<li class=\"page_item page-item-137\"><a href=\"https:\/\/www.educacionrural.org\/?page_id=137\">Soriano &#8211; Museo Escolar en la Escuela Rural N\u00ba 85 (Altos del Perdido, Soriano)<\/a><\/li>\n<li class=\"page_item page-item-1599\"><a href=\"https:\/\/www.educacionrural.org\/?page_id=1599\">Tacuaremb\u00f3 &#8211; Visitamos el departamento de Tacuaremb\u00f3<\/a><\/li>\n<li class=\"page_item page-item-1596\"><a href=\"https:\/\/www.educacionrural.org\/?page_id=1596\">Tacuaremb\u00f3 &#8211; Entrevistas a los Maestros de Tacuaremb\u00f3<\/a><\/li>\n<li class=\"page_item page-item-1567\"><a href=\"https:\/\/www.educacionrural.org\/?page_id=1567\">Tacuaremb\u00f3 &#8211; La Escuela Rural N\u00ba 58 de Clara, departamento de Tacuaremb\u00f3<\/a><\/li>\n<li class=\"page_item page-item-1563\"><a href=\"https:\/\/www.educacionrural.org\/?page_id=1563\">Tacuaremb\u00f3 &#8211; El proyecto coordinador de la Escuela Rural N\u00ba 58<\/a><\/li>\n<li class=\"page_item page-item-1553\"><a href=\"https:\/\/www.educacionrural.org\/?page_id=1553\">Tacuaremb\u00f3 &#8211; La huerta en la escuela N\u00ba 58 de Clara<\/a><\/li>\n<li class=\"page_item page-item-1582\"><a href=\"https:\/\/www.educacionrural.org\/?page_id=1582\">Tacuaremb\u00f3 &#8211; La Colonia Escolar de Vacaciones en el balneario Ipor\u00e1 departamento de Tacuaremb\u00f3<\/a><\/li>\n<li class=\"page_item page-item-1578\"><a href=\"https:\/\/www.educacionrural.org\/?page_id=1578\">Tacuaremb\u00f3 &#8211; La Colonia Escolar de Vacaciones en el departamento de Tacuaremb\u00f3<\/a><\/li>\n<li class=\"page_item page-item-1571\"><a href=\"https:\/\/www.educacionrural.org\/?page_id=1571\">Tacuaremb\u00f3 &#8211; El rescate de la naci\u00f3n charr\u00faa<\/a><\/li>\n<li class=\"page_item page-item-111\"><a href=\"https:\/\/www.educacionrural.org\/?page_id=111\">G, maestra urbana en el medio rural<\/a><\/li>\n<li class=\"page_item page-item-116\"><a href=\"https:\/\/www.educacionrural.org\/?page_id=116\">M, maestra desde hace 14 a\u00f1os<\/a><\/li>\n<\/ul>\n","protected":false},"excerpt":{"rendered":"","protected":false},"author":5,"featured_media":0,"parent":0,"menu_order":2,"comment_status":"closed","ping_status":"closed","template":"","meta":{"footnotes":""},"class_list":["post-21","page","type-page","status-publish"],"_links":{"self":[{"href":"https:\/\/www.educacionrural.org\/index.php?rest_route=\/wp\/v2\/pages\/21","targetHints":{"allow":["GET"]}}],"collection":[{"href":"https:\/\/www.educacionrural.org\/index.php?rest_route=\/wp\/v2\/pages"}],"about":[{"href":"https:\/\/www.educacionrural.org\/index.php?rest_route=\/wp\/v2\/types\/page"}],"author":[{"embeddable":true,"href":"https:\/\/www.educacionrural.org\/index.php?rest_route=\/wp\/v2\/users\/5"}],"replies":[{"embeddable":true,"href":"https:\/\/www.educacionrural.org\/index.php?rest_route=%2Fwp%2Fv2%2Fcomments&post=21"}],"version-history":[{"count":6,"href":"https:\/\/www.educacionrural.org\/index.php?rest_route=\/wp\/v2\/pages\/21\/revisions"}],"predecessor-version":[{"id":1058,"href":"https:\/\/www.educacionrural.org\/index.php?rest_route=\/wp\/v2\/pages\/21\/revisions\/1058"}],"wp:attachment":[{"href":"https:\/\/www.educacionrural.org\/index.php?rest_route=%2Fwp%2Fv2%2Fmedia&parent=21"}],"curies":[{"name":"wp","href":"https:\/\/api.w.org\/{rel}","templated":true}]}}