{"id":2852,"date":"2014-05-18T17:51:10","date_gmt":"2014-05-18T19:51:10","guid":{"rendered":"http:\/\/www.educacionrural.org\/?page_id=2852"},"modified":"2017-10-09T18:51:53","modified_gmt":"2017-10-09T20:51:53","slug":"maldonado-centro-escolar-de-capacitacion-rural-cecru-no-1","status":"publish","type":"page","link":"https:\/\/www.educacionrural.org\/?page_id=2852","title":{"rendered":"Maldonado Centro Escolar de Capacitaci\u00f3n Rural (CECRU N\u00ba 1)"},"content":{"rendered":"<p><img loading=\"lazy\" decoding=\"async\" class=\"aligncenter size-full wp-image-2853\" src=\"http:\/\/www.educacionrural.org\/wp-content\/uploads\/CECRU-Cartel.jpg\" alt=\"CECRU Cartel\" width=\"640\" height=\"480\" srcset=\"https:\/\/www.educacionrural.org\/wp-content\/uploads\/CECRU-Cartel.jpg 640w, https:\/\/www.educacionrural.org\/wp-content\/uploads\/CECRU-Cartel-300x225.jpg 300w\" sizes=\"auto, (max-width: 640px) 100vw, 640px\" \/><\/p>\n<p>El CECRU se encuentra ubicado\u00a0 en el kil\u00f3metro 86 de la ruta interbalnearia en el departamento de Maldonado.<\/p>\n<p>Se\u00a0 asienta en un predio de dos hect\u00e1reas y fue, en sus or\u00edgenes, una Escuela Rural declarada Escuela Granja el 25 de noviembre de 1949.<\/p>\n<p>El edificio principal es\u00a0 antiguo y est\u00e1 bien conservado pese a que necesita refacciones urgentes en algunas de sus paredes que presentan humedad por filtraci\u00f3n de ca\u00f1er\u00edas rotas en la zona de ba\u00f1os.<\/p>\n<p><img loading=\"lazy\" decoding=\"async\" class=\"aligncenter size-full wp-image-2854\" src=\"http:\/\/www.educacionrural.org\/wp-content\/uploads\/Cecru-Frente.jpg\" alt=\"Cecru Frente\" width=\"640\" height=\"480\" srcset=\"https:\/\/www.educacionrural.org\/wp-content\/uploads\/Cecru-Frente.jpg 640w, https:\/\/www.educacionrural.org\/wp-content\/uploads\/Cecru-Frente-300x225.jpg 300w\" sizes=\"auto, (max-width: 640px) 100vw, 640px\" \/><\/p>\n<p><img loading=\"lazy\" decoding=\"async\" class=\"aligncenter size-full wp-image-2855\" src=\"http:\/\/www.educacionrural.org\/wp-content\/uploads\/CECRU-Artigas-y-VArela.jpg\" alt=\"CECRU Artigas y VArela\" width=\"640\" height=\"480\" srcset=\"https:\/\/www.educacionrural.org\/wp-content\/uploads\/CECRU-Artigas-y-VArela.jpg 640w, https:\/\/www.educacionrural.org\/wp-content\/uploads\/CECRU-Artigas-y-VArela-300x225.jpg 300w\" sizes=\"auto, (max-width: 640px) 100vw, 640px\" \/><\/p>\n<p>&nbsp;<\/p>\n<p><img loading=\"lazy\" decoding=\"async\" class=\"wp-image-2856 aligncenter\" src=\"http:\/\/www.educacionrural.org\/wp-content\/uploads\/CECRU-Frente-y-ni\u00f1os.jpg\" alt=\"CECRU Frente y ni\u00f1os\" width=\"657\" height=\"494\" srcset=\"https:\/\/www.educacionrural.org\/wp-content\/uploads\/CECRU-Frente-y-ni\u00f1os.jpg 800w, https:\/\/www.educacionrural.org\/wp-content\/uploads\/CECRU-Frente-y-ni\u00f1os-300x225.jpg 300w\" sizes=\"auto, (max-width: 657px) 100vw, 657px\" \/><\/p>\n<p>Se le ha anexado una moderna construcci\u00f3n que oficia como comedor y cocina.<\/p>\n<p><img loading=\"lazy\" decoding=\"async\" class=\"aligncenter wp-image-2923 \" src=\"http:\/\/www.educacionrural.org\/wp-content\/uploads\/IMG_4708-1024x768.jpg\" alt=\"IMG_4708\" width=\"438\" height=\"329\" srcset=\"https:\/\/www.educacionrural.org\/wp-content\/uploads\/IMG_4708-1024x768.jpg 1024w, https:\/\/www.educacionrural.org\/wp-content\/uploads\/IMG_4708-300x225.jpg 300w\" sizes=\"auto, (max-width: 438px) 100vw, 438px\" \/><\/p>\n<p><img loading=\"lazy\" decoding=\"async\" class=\"aligncenter wp-image-2858\" src=\"http:\/\/www.educacionrural.org\/wp-content\/uploads\/CECRU-Frente-comedor.jpg\" alt=\"CECRU Frente comedor\" width=\"436\" height=\"325\" \/><\/p>\n<p>Se han dispuesto dos amplios dormitorios, uno puede albergar a 18 visitantes y el otro 22.<\/p>\n<p><img loading=\"lazy\" decoding=\"async\" class=\"wp-image-2859 aligncenter\" src=\"http:\/\/www.educacionrural.org\/wp-content\/uploads\/CECR\u00c7U-dormitorio.jpg\" alt=\"CECR\u00c7U dormitorio\" width=\"426\" height=\"321\" srcset=\"https:\/\/www.educacionrural.org\/wp-content\/uploads\/CECR\u00c7U-dormitorio.jpg 640w, https:\/\/www.educacionrural.org\/wp-content\/uploads\/CECR\u00c7U-dormitorio-300x225.jpg 300w\" sizes=\"auto, (max-width: 426px) 100vw, 426px\" \/><\/p>\n<p>&nbsp;<\/p>\n<p><img loading=\"lazy\" decoding=\"async\" class=\"aligncenter wp-image-2860\" src=\"http:\/\/www.educacionrural.org\/wp-content\/uploads\/CECRU-Dormitorio-varones.jpg\" alt=\"CECRU Dormitorio varones\" width=\"418\" height=\"315\" srcset=\"https:\/\/www.educacionrural.org\/wp-content\/uploads\/CECRU-Dormitorio-varones.jpg 640w, https:\/\/www.educacionrural.org\/wp-content\/uploads\/CECRU-Dormitorio-varones-300x225.jpg 300w\" sizes=\"auto, (max-width: 418px) 100vw, 418px\" \/><\/p>\n<p>Cada dormitorio cuenta con sus ba\u00f1os anexos totalmente equipados.<\/p>\n<p>Los salones son amplios y luminosos y su mobiliario est\u00e1 muy bien cuidado.<\/p>\n<p><img loading=\"lazy\" decoding=\"async\" class=\" wp-image-2861 aligncenter\" src=\"http:\/\/www.educacionrural.org\/wp-content\/uploads\/CECRU-Sal\u00f3n.jpg\" alt=\"CECRU Sal\u00f3n\" width=\"551\" height=\"413\" srcset=\"https:\/\/www.educacionrural.org\/wp-content\/uploads\/CECRU-Sal\u00f3n.jpg 640w, https:\/\/www.educacionrural.org\/wp-content\/uploads\/CECRU-Sal\u00f3n-300x225.jpg 300w\" sizes=\"auto, (max-width: 551px) 100vw, 551px\" \/><\/p>\n<p>En las paredes los murales muestran distintos paisajes de Maldonado y del pa\u00eds, fotos\u00a0 con las diversas actividades que van cumpliendo los escolares que visitan el Centro y carteles informativos.<\/p>\n<p><img loading=\"lazy\" decoding=\"async\" class=\"size-full wp-image-2862 aligncenter\" src=\"http:\/\/www.educacionrural.org\/wp-content\/uploads\/CECRU-Mural-Artigas.jpg\" alt=\"CECRU Mural Artigas\" width=\"473\" height=\"354\" srcset=\"https:\/\/www.educacionrural.org\/wp-content\/uploads\/CECRU-Mural-Artigas.jpg 800w, https:\/\/www.educacionrural.org\/wp-content\/uploads\/CECRU-Mural-Artigas-300x225.jpg 300w\" sizes=\"auto, (max-width: 473px) 100vw, 473px\" \/><\/p>\n<p>&nbsp;<\/p>\n<p>&nbsp;<\/p>\n<p><img loading=\"lazy\" decoding=\"async\" class=\"aligncenter size-full wp-image-2863\" src=\"http:\/\/www.educacionrural.org\/wp-content\/uploads\/CECRU-Mural.jpg\" alt=\"CECRU Mural\" width=\"465\" height=\"349\" srcset=\"https:\/\/www.educacionrural.org\/wp-content\/uploads\/CECRU-Mural.jpg 800w, https:\/\/www.educacionrural.org\/wp-content\/uploads\/CECRU-Mural-300x225.jpg 300w\" sizes=\"auto, (max-width: 465px) 100vw, 465px\" \/><\/p>\n<p><img loading=\"lazy\" decoding=\"async\" class=\"aligncenter wp-image-2864\" src=\"http:\/\/www.educacionrural.org\/wp-content\/uploads\/CECRU-Otro-mural-cerdos.jpg\" alt=\"CECRU Otro mural cerdos\" width=\"462\" height=\"344\" \/><\/p>\n<p>Los galpones, el gallinero y la porqueriza son construcciones que datan de la \u00e9poca en la que el establecimiento funcionaba como Escuela\u00a0 Granja y necesitan reparaciones. Algunas de estas obras se iniciar\u00e1n a la brevedad gracias a una gesti\u00f3n llevada adelante por la Directora del Centro ante\u00a0 la Alcald\u00eda del lugar.<\/p>\n<p><img loading=\"lazy\" decoding=\"async\" class=\"aligncenter size-full wp-image-2865\" src=\"http:\/\/www.educacionrural.org\/wp-content\/uploads\/CECRU-Patio-y-galpones.jpg\" alt=\"CECRU Patio y galpones\" width=\"640\" height=\"480\" srcset=\"https:\/\/www.educacionrural.org\/wp-content\/uploads\/CECRU-Patio-y-galpones.jpg 640w, https:\/\/www.educacionrural.org\/wp-content\/uploads\/CECRU-Patio-y-galpones-300x225.jpg 300w\" sizes=\"auto, (max-width: 640px) 100vw, 640px\" \/><\/p>\n<p><img loading=\"lazy\" decoding=\"async\" class=\"aligncenter wp-image-2897\" src=\"http:\/\/www.educacionrural.org\/wp-content\/uploads\/IMG_4733-768x1024.jpg\" alt=\"IMG_4733\" width=\"490\" height=\"326\" \/><\/p>\n<p>El gallinero conserva las viejas construcciones que permiten a los ni\u00f1os juntar los huevos sin entrar a \u00e9l. En nuestra visita presenciamos el momento en el que los pasantes m\u00e1s peque\u00f1itos recog\u00edan la postura de la ma\u00f1ana.<\/p>\n<p><img loading=\"lazy\" decoding=\"async\" class=\"aligncenter wp-image-2898\" src=\"http:\/\/www.educacionrural.org\/wp-content\/uploads\/IMG_4760-1024x768.jpg\" alt=\"IMG_4760\" width=\"498\" height=\"373\" srcset=\"https:\/\/www.educacionrural.org\/wp-content\/uploads\/IMG_4760-1024x768.jpg 1024w, https:\/\/www.educacionrural.org\/wp-content\/uploads\/IMG_4760-300x225.jpg 300w\" sizes=\"auto, (max-width: 498px) 100vw, 498px\" \/><\/p>\n<p>Los visitantes disponen de un amplio patio de juegos, bien conservado, al que se le han agregado hamacas y subibajas.<\/p>\n<p><img loading=\"lazy\" decoding=\"async\" class=\"wp-image-2900 aligncenter\" src=\"http:\/\/www.educacionrural.org\/wp-content\/uploads\/IMG_4710-1024x768.jpg\" alt=\"IMG_4710\" width=\"763\" height=\"572\" srcset=\"https:\/\/www.educacionrural.org\/wp-content\/uploads\/IMG_4710-1024x768.jpg 1024w, https:\/\/www.educacionrural.org\/wp-content\/uploads\/IMG_4710-300x225.jpg 300w\" sizes=\"auto, (max-width: 763px) 100vw, 763px\" \/><\/p>\n<p><img loading=\"lazy\" decoding=\"async\" class=\"aligncenter wp-image-2903\" src=\"http:\/\/www.educacionrural.org\/wp-content\/uploads\/IMG_4757-1024x768.jpg\" alt=\"IMG_4757\" width=\"603\" height=\"452\" srcset=\"https:\/\/www.educacionrural.org\/wp-content\/uploads\/IMG_4757-1024x768.jpg 1024w, https:\/\/www.educacionrural.org\/wp-content\/uploads\/IMG_4757-300x225.jpg 300w\" sizes=\"auto, (max-width: 603px) 100vw, 603px\" \/><\/p>\n<p>Pese a que el Centro s\u00f3lo cuenta con un pe\u00f3n que tiene asignado un horario de cuatro horas diarias, se aprecia la dedicaci\u00f3n y el empe\u00f1o de la Directora y del personal a su cargo por mantener, con los escasos recursos de que se dispone, un entorno acogedor en todo el establecimiento. Encontramos plantas y flores, un c\u00e9sped bien cuidado y suma pulcritud en todos los ambientes.<br \/>\n<img loading=\"lazy\" decoding=\"async\" class=\" wp-image-2904 alignleft\" src=\"http:\/\/www.educacionrural.org\/wp-content\/uploads\/IMG_4743-300x225.jpg\" alt=\"IMG_4743\" width=\"339\" height=\"281\" \/>\u00a0\u00a0\u00a0 <img loading=\"lazy\" decoding=\"async\" class=\"aligncenter wp-image-2905\" src=\"http:\/\/www.educacionrural.org\/wp-content\/uploads\/IMG_4711-300x225.jpg\" alt=\"IMG_4711\" width=\"300\" height=\"267\" \/><\/p>\n<p>Llama la atenci\u00f3n que un predio que est\u00e1 junto a una ruta altamente transitada y en el que centenares de ni\u00f1os circulan a lo largo del a\u00f1o, no tenga cerco perimetral.<br \/>\nM\u00faltiples gestiones ha realizado la Maestra Directora sin haber logrado conseguir el material para construir ese cerco pese a tener un grupo de colaboradores que est\u00e1n dispuestos a realizar la obra en forma totalmente gratuita.<br \/>\nConfiemos que tantos esfuerzos, tantos oficios, tantos tr\u00e1mites den sus frutos y finalmente se entreguen los materiales que se precisan.<\/p>\n<p>El CECRU est\u00e1 ubicado en una zona privilegiada del pa\u00eds, muy pr\u00f3ximo a cerros y sierras cubiertas de montes con abundante flora y fauna aut\u00f3ctona, a pocos kil\u00f3metros del mar y de otros lugares que encierran gran encanto y que los escolares llegados de todo el pa\u00eds visitan, recogiendo experiencias que son punto de partida para diferentes aprendizajes fuertemente enriquecedores.<\/p>\n<p>&nbsp;<\/p>\n<p>&nbsp;<\/p>\n","protected":false},"excerpt":{"rendered":"<p>El CECRU se encuentra ubicado\u00a0 en el kil\u00f3metro 86 de la ruta interbalnearia en el departamento de Maldonado. Se\u00a0 asienta en un predio de dos hect\u00e1reas y fue, en sus or\u00edgenes, una Escuela Rural declarada Escuela Granja el 25 de noviembre de 1949. El edificio principal es\u00a0 antiguo y est\u00e1 bien conservado pese a que &#8230; <a title=\"Maldonado Centro Escolar de Capacitaci\u00f3n Rural (CECRU N\u00ba 1)\" class=\"read-more\" href=\"https:\/\/www.educacionrural.org\/?page_id=2852\" aria-label=\"Leer m\u00e1s sobre Maldonado Centro Escolar de Capacitaci\u00f3n Rural (CECRU N\u00ba 1)\">Leer m\u00e1s<\/a><\/p>\n","protected":false},"author":2,"featured_media":0,"parent":21,"menu_order":52,"comment_status":"closed","ping_status":"closed","template":"","meta":{"footnotes":""},"class_list":["post-2852","page","type-page","status-publish"],"_links":{"self":[{"href":"https:\/\/www.educacionrural.org\/index.php?rest_route=\/wp\/v2\/pages\/2852","targetHints":{"allow":["GET"]}}],"collection":[{"href":"https:\/\/www.educacionrural.org\/index.php?rest_route=\/wp\/v2\/pages"}],"about":[{"href":"https:\/\/www.educacionrural.org\/index.php?rest_route=\/wp\/v2\/types\/page"}],"author":[{"embeddable":true,"href":"https:\/\/www.educacionrural.org\/index.php?rest_route=\/wp\/v2\/users\/2"}],"replies":[{"embeddable":true,"href":"https:\/\/www.educacionrural.org\/index.php?rest_route=%2Fwp%2Fv2%2Fcomments&post=2852"}],"version-history":[{"count":7,"href":"https:\/\/www.educacionrural.org\/index.php?rest_route=\/wp\/v2\/pages\/2852\/revisions"}],"predecessor-version":[{"id":2924,"href":"https:\/\/www.educacionrural.org\/index.php?rest_route=\/wp\/v2\/pages\/2852\/revisions\/2924"}],"up":[{"embeddable":true,"href":"https:\/\/www.educacionrural.org\/index.php?rest_route=\/wp\/v2\/pages\/21"}],"wp:attachment":[{"href":"https:\/\/www.educacionrural.org\/index.php?rest_route=%2Fwp%2Fv2%2Fmedia&parent=2852"}],"curies":[{"name":"wp","href":"https:\/\/api.w.org\/{rel}","templated":true}]}}