{"id":3652,"date":"2016-03-14T17:21:52","date_gmt":"2016-03-14T19:21:52","guid":{"rendered":"http:\/\/www.educacionrural.org\/?page_id=3652"},"modified":"2016-05-03T16:12:53","modified_gmt":"2016-05-03T18:12:53","slug":"centro-de-divulgacion-de-practicas-escolares-no-17","status":"publish","type":"page","link":"https:\/\/www.educacionrural.org\/?page_id=3652","title":{"rendered":"Centro de Divulgaci\u00f3n de Pr\u00e1cticas Escolares N\u00ba 17"},"content":{"rendered":"<p>En rueda de amigos un expedicionario afirm\u00f3 que, hall\u00e1ndose en las proximidades del Polo Sur, lo m\u00e1s sorprendente para \u00e9l fue comprobar que en ese lugar, el movimiento aparente del sol en ciertas horas del d\u00eda, es de Oeste a Este y agreg\u00f3: \u201cUn d\u00eda de diciembre, me puse a observar el hecho detenidamente y pude comprobar que desde las seis de la ma\u00f1ana, hasta las 18, el movimiento aparente del sol va dirigido de Este a Oeste, pero despu\u00e9s de esa hora, hasta las seis del otro d\u00eda, marcha de Oeste a Este.\u201d<\/p>\n<p>Uno de sus oyentes extra\u00f1\u00f3se del hecho; no se anim\u00f3 a hacer preguntas, pero fu\u00e9se a su casa, encerrose en una habitaci\u00f3n y vali\u00e9ndose de los elementos que se representan en el dibujo, pudo darse cuenta de la veracidad de las afirmaciones del expedicionario y dedujo algunos hechos m\u00e1s.<\/p>\n<p><img loading=\"lazy\" decoding=\"async\" class=\" wp-image-3654 aligncenter\" src=\"http:\/\/www.educacionrural.org\/wp-content\/uploads\/paraguas-17-632x1024.jpg\" alt=\"Paraguas 17\" width=\"326\" height=\"528\" srcset=\"https:\/\/www.educacionrural.org\/wp-content\/uploads\/paraguas-17-632x1024.jpg 632w, https:\/\/www.educacionrural.org\/wp-content\/uploads\/paraguas-17-185x300.jpg 185w, https:\/\/www.educacionrural.org\/wp-content\/uploads\/paraguas-17.jpg 1889w\" sizes=\"auto, (max-width: 326px) 100vw, 326px\" \/><\/p>\n<p>El lector est\u00e1 ahora en condiciones de contestar a las siguientes preguntas:<\/p>\n<p>1\u00ba.- \u00bfQu\u00e9 papel se le asign\u00f3 a la lamparillo el\u00e9ctrica?<\/p>\n<p>2\u00ba.- \u00bfY al bast\u00f3n del paraguas?<\/p>\n<p>3\u00ba.- \u00bfY a las varillas?<\/p>\n<p>4\u00ba.- \u00bfY a la superficie convexa de la tela que rodea al bast\u00f3n?<\/p>\n<p>5\u00ba.- \u00bfY el mu\u00f1equito?<\/p>\n<p>6\u00ba.- Si a las doce horas, se mira hacia el Sur, \u00bfse tiene al sol de frente, de espaldas, a la izquierda o a la derecha?<\/p>\n<p>7\u00ba.- \u00bfY a las 24 horas?&#8230;&#8230;&#8230;. y a las seis?&#8230;&#8230;. y a las 18?&#8230;&#8230;&#8230;&#8230;&#8230;&#8230;&#8230;..<\/p>\n<p><img loading=\"lazy\" decoding=\"async\" class=\"size-full wp-image-1944 aligncenter\" src=\"http:\/\/www.educacionrural.org\/wp-content\/uploads\/firmaagustinferreiro-chica1.jpg\" alt=\"firmaagustinferreiro-chica\" width=\"200\" height=\"63\" \/><\/p>\n","protected":false},"excerpt":{"rendered":"<p>En rueda de amigos un expedicionario afirm\u00f3 que, hall\u00e1ndose en las proximidades del Polo Sur, lo m\u00e1s sorprendente para \u00e9l fue comprobar que en ese lugar, el movimiento aparente del sol en ciertas horas del d\u00eda, es de Oeste a Este y agreg\u00f3: \u201cUn d\u00eda de diciembre, me puse a observar el hecho detenidamente y &#8230; <a title=\"Centro de Divulgaci\u00f3n de Pr\u00e1cticas Escolares N\u00ba 17\" class=\"read-more\" href=\"https:\/\/www.educacionrural.org\/?page_id=3652\" aria-label=\"Leer m\u00e1s sobre Centro de Divulgaci\u00f3n de Pr\u00e1cticas Escolares N\u00ba 17\">Leer m\u00e1s<\/a><\/p>\n","protected":false},"author":2,"featured_media":0,"parent":49,"menu_order":11,"comment_status":"closed","ping_status":"closed","template":"","meta":{"footnotes":""},"class_list":["post-3652","page","type-page","status-publish"],"_links":{"self":[{"href":"https:\/\/www.educacionrural.org\/index.php?rest_route=\/wp\/v2\/pages\/3652","targetHints":{"allow":["GET"]}}],"collection":[{"href":"https:\/\/www.educacionrural.org\/index.php?rest_route=\/wp\/v2\/pages"}],"about":[{"href":"https:\/\/www.educacionrural.org\/index.php?rest_route=\/wp\/v2\/types\/page"}],"author":[{"embeddable":true,"href":"https:\/\/www.educacionrural.org\/index.php?rest_route=\/wp\/v2\/users\/2"}],"replies":[{"embeddable":true,"href":"https:\/\/www.educacionrural.org\/index.php?rest_route=%2Fwp%2Fv2%2Fcomments&post=3652"}],"version-history":[{"count":1,"href":"https:\/\/www.educacionrural.org\/index.php?rest_route=\/wp\/v2\/pages\/3652\/revisions"}],"predecessor-version":[{"id":3655,"href":"https:\/\/www.educacionrural.org\/index.php?rest_route=\/wp\/v2\/pages\/3652\/revisions\/3655"}],"up":[{"embeddable":true,"href":"https:\/\/www.educacionrural.org\/index.php?rest_route=\/wp\/v2\/pages\/49"}],"wp:attachment":[{"href":"https:\/\/www.educacionrural.org\/index.php?rest_route=%2Fwp%2Fv2%2Fmedia&parent=3652"}],"curies":[{"name":"wp","href":"https:\/\/api.w.org\/{rel}","templated":true}]}}