{"id":4,"date":"2011-06-04T18:55:38","date_gmt":"2011-06-04T21:55:38","guid":{"rendered":"http:\/\/www.educacionrural.org\/?page_id=4"},"modified":"2013-04-08T22:35:51","modified_gmt":"2013-04-09T01:35:51","slug":"biblioteca-multimedia","status":"publish","type":"page","link":"https:\/\/www.educacionrural.org\/?page_id=4","title":{"rendered":"Biblioteca Multimedia"},"content":{"rendered":"<ul class=\"list-pages-shortcode child-pages\"><li class=\"page_item page-item-41 page_item_has_children\"><a href=\"https:\/\/www.educacionrural.org\/?page_id=41\">Fotograf\u00edas<\/a>\n<ul class='children'>\n\t<li class=\"page_item page-item-2003\"><a href=\"https:\/\/www.educacionrural.org\/?page_id=2003\">Becarios del Instituto Normal Rural, Estaci\u00f3n Gonz\u00e1lez, departamento de San Jos\u00e9<\/a><\/li>\n\t<li class=\"page_item page-item-2296\"><a href=\"https:\/\/www.educacionrural.org\/?page_id=2296\">Durazno &#8211; Encuentro por el D\u00eda del Ni\u00f1o Rural.<\/a><\/li>\n\t<li class=\"page_item page-item-1998\"><a href=\"https:\/\/www.educacionrural.org\/?page_id=1998\">El Director del Instituto Normal Rural en clase de Agronom\u00eda<\/a><\/li>\n\t<li class=\"page_item page-item-2017\"><a href=\"https:\/\/www.educacionrural.org\/?page_id=2017\">Instituto  Normal Rural, Cruz de los Caminos, departamento de Canelones<\/a><\/li>\n\t<li class=\"page_item page-item-2037\"><a href=\"https:\/\/www.educacionrural.org\/?page_id=2037\">Instituto  Normal Rural, Cruz de los Caminos, departamento de Canelones<\/a><\/li>\n\t<li class=\"page_item page-item-2114\"><a href=\"https:\/\/www.educacionrural.org\/?page_id=2114\">Instituto Cooperativo de Educaci\u00f3n Rural (ICER)<\/a><\/li>\n\t<li class=\"page_item page-item-2117\"><a href=\"https:\/\/www.educacionrural.org\/?page_id=2117\">Instituto Cooperativo de Educaci\u00f3n Rural (ICER)<\/a><\/li>\n\t<li class=\"page_item page-item-2120\"><a href=\"https:\/\/www.educacionrural.org\/?page_id=2120\">Instituto Cooperativo de Educaci\u00f3n Rural (ICER)<\/a><\/li>\n\t<li class=\"page_item page-item-2124\"><a href=\"https:\/\/www.educacionrural.org\/?page_id=2124\">Instituto Cooperativo de Educaci\u00f3n Rural (ICER)<\/a><\/li>\n\t<li class=\"page_item page-item-2127\"><a href=\"https:\/\/www.educacionrural.org\/?page_id=2127\">Instituto Cooperativo de Educaci\u00f3n Rural (ICER)<\/a><\/li>\n\t<li class=\"page_item page-item-2108\"><a href=\"https:\/\/www.educacionrural.org\/?page_id=2108\">Instituto Cooperativo de Educaci\u00f3n Rural, Laguna Mer\u00edn 4130, Montevideo<\/a><\/li>\n\t<li class=\"page_item page-item-593\"><a href=\"https:\/\/www.educacionrural.org\/?page_id=593\">Instituto Normal Rural<\/a><\/li>\n\t<li class=\"page_item page-item-2009\"><a href=\"https:\/\/www.educacionrural.org\/?page_id=2009\">Instituto Normal Rural, Cruz de los Caminos departamento de Canelones<\/a><\/li>\n\t<li class=\"page_item page-item-2012\"><a href=\"https:\/\/www.educacionrural.org\/?page_id=2012\">Instituto Normal Rural, Cruz de los Caminos, departamento de Canelones<\/a><\/li>\n\t<li class=\"page_item page-item-2021\"><a href=\"https:\/\/www.educacionrural.org\/?page_id=2021\">Instituto Normal Rural, Cruz de los Caminos, departamento de Canelones<\/a><\/li>\n\t<li class=\"page_item page-item-2024\"><a href=\"https:\/\/www.educacionrural.org\/?page_id=2024\">Instituto Normal Rural, Cruz de los Caminos, departamento de Canelones<\/a><\/li>\n\t<li class=\"page_item page-item-2027\"><a href=\"https:\/\/www.educacionrural.org\/?page_id=2027\">Instituto Normal Rural, Cruz de los Caminos, departamento de Canelones<\/a><\/li>\n\t<li class=\"page_item page-item-2030\"><a href=\"https:\/\/www.educacionrural.org\/?page_id=2030\">Instituto Normal Rural, Cruz de los Caminos, departamento de Canelones<\/a><\/li>\n\t<li class=\"page_item page-item-2033\"><a href=\"https:\/\/www.educacionrural.org\/?page_id=2033\">Instituto Normal Rural, Cruz de los Caminos, departamento de Canelones<\/a><\/li>\n\t<li class=\"page_item page-item-2040\"><a href=\"https:\/\/www.educacionrural.org\/?page_id=2040\">Instituto Normal Rural, Cruz de los Caminos, departamento de Canelones<\/a><\/li>\n\t<li class=\"page_item page-item-2043\"><a href=\"https:\/\/www.educacionrural.org\/?page_id=2043\">Instituto Normal Rural, Cruz de los Caminos, departamento de Canelones<\/a><\/li>\n\t<li class=\"page_item page-item-2046\"><a href=\"https:\/\/www.educacionrural.org\/?page_id=2046\">Instituto Normal Rural, Cruz de los Caminos, departamento de Canelones<\/a><\/li>\n\t<li class=\"page_item page-item-2049\"><a href=\"https:\/\/www.educacionrural.org\/?page_id=2049\">Instituto Normal Rural, Cruz de los Caminos, departamento de Canelones<\/a><\/li>\n\t<li class=\"page_item page-item-2052\"><a href=\"https:\/\/www.educacionrural.org\/?page_id=2052\">Instituto Normal Rural, Cruz de los Caminos, departamento de Canelones<\/a><\/li>\n\t<li class=\"page_item page-item-2055\"><a href=\"https:\/\/www.educacionrural.org\/?page_id=2055\">Instituto Normal Rural, Cruz de los Caminos, departamento de Canelones<\/a><\/li>\n\t<li class=\"page_item page-item-2059\"><a href=\"https:\/\/www.educacionrural.org\/?page_id=2059\">Instituto Normal Rural, Cruz de los Caminos, departamento de Canelones<\/a><\/li>\n\t<li class=\"page_item page-item-2062\"><a href=\"https:\/\/www.educacionrural.org\/?page_id=2062\">Instituto Normal Rural, Cruz de los Caminos, departamento de Canelones<\/a><\/li>\n\t<li class=\"page_item page-item-2065\"><a href=\"https:\/\/www.educacionrural.org\/?page_id=2065\">Instituto Normal Rural, Cruz de los Caminos, departamento de Canelones<\/a><\/li>\n\t<li class=\"page_item page-item-2068\"><a href=\"https:\/\/www.educacionrural.org\/?page_id=2068\">Instituto Normal Rural, Cruz de los Caminos, departamento de Canelones<\/a><\/li>\n\t<li class=\"page_item page-item-2071\"><a href=\"https:\/\/www.educacionrural.org\/?page_id=2071\">Instituto Normal Rural, Cruz de los Caminos, departamento de Canelones<\/a><\/li>\n\t<li class=\"page_item page-item-2074\"><a href=\"https:\/\/www.educacionrural.org\/?page_id=2074\">Instituto Normal Rural, Cruz de los Caminos, departamento de Canelones<\/a><\/li>\n\t<li class=\"page_item page-item-2077\"><a href=\"https:\/\/www.educacionrural.org\/?page_id=2077\">Instituto Normal Rural, Cruz de los Caminos, departamento de Canelones<\/a><\/li>\n\t<li class=\"page_item page-item-2080\"><a href=\"https:\/\/www.educacionrural.org\/?page_id=2080\">Instituto Normal Rural, Cruz de los Caminos, departamento de Canelones<\/a><\/li>\n\t<li class=\"page_item page-item-2083\"><a href=\"https:\/\/www.educacionrural.org\/?page_id=2083\">Instituto Normal Rural, Cruz de los Caminos, departamento de Canelones<\/a><\/li>\n\t<li class=\"page_item page-item-2086\"><a href=\"https:\/\/www.educacionrural.org\/?page_id=2086\">Instituto Normal Rural, Cruz de los Caminos, departamento de Canelones<\/a><\/li>\n\t<li class=\"page_item page-item-2089\"><a href=\"https:\/\/www.educacionrural.org\/?page_id=2089\">Instituto Normal Rural, Cruz de los Caminos, departamento de Canelones<\/a><\/li>\n\t<li class=\"page_item page-item-2092\"><a href=\"https:\/\/www.educacionrural.org\/?page_id=2092\">Instituto Normal Rural, Cruz de los Caminos, departamento de Canelones<\/a><\/li>\n\t<li class=\"page_item page-item-2095\"><a href=\"https:\/\/www.educacionrural.org\/?page_id=2095\">Instituto Normal Rural, Cruz de los Caminos, departamento de Canelones<\/a><\/li>\n\t<li class=\"page_item page-item-2098\"><a href=\"https:\/\/www.educacionrural.org\/?page_id=2098\">Instituto Normal Rural, Cruz de los Caminos, departamento de Canelones<\/a><\/li>\n\t<li class=\"page_item page-item-2101\"><a href=\"https:\/\/www.educacionrural.org\/?page_id=2101\">Instituto Normal Rural, Cruz de los Caminos, departamento de Canelones<\/a><\/li>\n\t<li class=\"page_item page-item-2104\"><a href=\"https:\/\/www.educacionrural.org\/?page_id=2104\">Instituto Normal Rural, Cruz de los Caminos, departamento de Canelones<\/a><\/li>\n\t<li class=\"page_item page-item-2006\"><a href=\"https:\/\/www.educacionrural.org\/?page_id=2006\">Instituto Normal Rural, Estaci\u00f3n Gonz\u00e1lez departamento de San Jos\u00e9<\/a><\/li>\n\t<li class=\"page_item page-item-595\"><a href=\"https:\/\/www.educacionrural.org\/?page_id=595\">Maestro Homero Grillo Escondeaur<\/a><\/li>\n\t<li class=\"page_item page-item-623\"><a href=\"https:\/\/www.educacionrural.org\/?page_id=623\">Movimiento de Apoyo y Defensa de la Escuela P\u00fablica<\/a><\/li>\n\t<li class=\"page_item page-item-631\"><a href=\"https:\/\/www.educacionrural.org\/?page_id=631\">N\u00facleo Escolar de la Mina<\/a><\/li>\n\t<li class=\"page_item page-item-2301\"><a href=\"https:\/\/www.educacionrural.org\/?page_id=2301\">Durazno &#8211; Misi\u00f3n Socio Pedag\u00f3gica en Feliciano<\/a><\/li>\n<\/ul>\n<\/li>\n<li class=\"page_item page-item-123 page_item_has_children\"><a href=\"https:\/\/www.educacionrural.org\/?page_id=123\">M\u00fasica<\/a>\n<ul class='children'>\n\t<li class=\"page_item page-item-2199\"><a href=\"https:\/\/www.educacionrural.org\/?page_id=2199\">Coro de la Escuela Nacional de M\u00fasica. A  Artigas<\/a><\/li>\n\t<li class=\"page_item page-item-2213\"><a href=\"https:\/\/www.educacionrural.org\/?page_id=2213\">Coro de la Escuela Nacional de M\u00fasica. Bailemos el Peric\u00f3n<\/a><\/li>\n\t<li class=\"page_item page-item-2225\"><a href=\"https:\/\/www.educacionrural.org\/?page_id=2225\">Coro de la Escuela Nacional de M\u00fasica. Canten las aves<\/a><\/li>\n\t<li class=\"page_item page-item-2219\"><a href=\"https:\/\/www.educacionrural.org\/?page_id=2219\">Coro de la Escuela Nacional de M\u00fasica. El hornerito<\/a><\/li>\n\t<li class=\"page_item page-item-2222\"><a href=\"https:\/\/www.educacionrural.org\/?page_id=2222\">Coro de la Escuela Nacional de M\u00fasica. Es el viento<\/a><\/li>\n\t<li class=\"page_item page-item-2207\"><a href=\"https:\/\/www.educacionrural.org\/?page_id=2207\">Coro de la Escuela Nacional de M\u00fasica. Exilio de Artigas<\/a><\/li>\n\t<li class=\"page_item page-item-2216\"><a href=\"https:\/\/www.educacionrural.org\/?page_id=2216\">Coro de la Escuela Nacional de M\u00fasica. Frutos Nativos<\/a><\/li>\n\t<li class=\"page_item page-item-2149\"><a href=\"https:\/\/www.educacionrural.org\/?page_id=2149\">Coro de la Escuela Nacional de M\u00fasica. Himno a la Escuela<\/a><\/li>\n\t<li class=\"page_item page-item-2204\"><a href=\"https:\/\/www.educacionrural.org\/?page_id=2204\">Coro de la Escuela Nacional de M\u00fasica. La Liga Federal<\/a><\/li>\n\t<li class=\"page_item page-item-2210\"><a href=\"https:\/\/www.educacionrural.org\/?page_id=2210\">Coro de la Escuela Nacional de M\u00fasica. Treinta y Tres Orientales<\/a><\/li>\n\t<li class=\"page_item page-item-2228\"><a href=\"https:\/\/www.educacionrural.org\/?page_id=2228\">Coro de la Escuela Nacional de M\u00fasica. Unidos<\/a><\/li>\n\t<li class=\"page_item page-item-2154\"><a href=\"https:\/\/www.educacionrural.org\/?page_id=2154\">Coro de la Escuela Nacional de M\u00fasica. Uruguay naci\u00f3<\/a><\/li>\n\t<li class=\"page_item page-item-2249\"><a href=\"https:\/\/www.educacionrural.org\/?page_id=2249\">Homenaje a Homero Grillo. La Pastora<\/a><\/li>\n\t<li class=\"page_item page-item-2244\"><a href=\"https:\/\/www.educacionrural.org\/?page_id=2244\">Homenaje a Homero Grillo. La Piel de los Vientos<\/a><\/li>\n\t<li class=\"page_item page-item-2809\"><a href=\"https:\/\/www.educacionrural.org\/?page_id=2809\">Instituto Normal Rural &#8211; Letra y m\u00fasica de su himno<\/a><\/li>\n<\/ul>\n<\/li>\n<li class=\"page_item page-item-43\"><a href=\"https:\/\/www.educacionrural.org\/?page_id=43\">Videos<\/a><\/li>\n<\/ul>\n","protected":false},"excerpt":{"rendered":"","protected":false},"author":5,"featured_media":0,"parent":0,"menu_order":3,"comment_status":"closed","ping_status":"closed","template":"","meta":{"footnotes":""},"class_list":["post-4","page","type-page","status-publish"],"_links":{"self":[{"href":"https:\/\/www.educacionrural.org\/index.php?rest_route=\/wp\/v2\/pages\/4","targetHints":{"allow":["GET"]}}],"collection":[{"href":"https:\/\/www.educacionrural.org\/index.php?rest_route=\/wp\/v2\/pages"}],"about":[{"href":"https:\/\/www.educacionrural.org\/index.php?rest_route=\/wp\/v2\/types\/page"}],"author":[{"embeddable":true,"href":"https:\/\/www.educacionrural.org\/index.php?rest_route=\/wp\/v2\/users\/5"}],"replies":[{"embeddable":true,"href":"https:\/\/www.educacionrural.org\/index.php?rest_route=%2Fwp%2Fv2%2Fcomments&post=4"}],"version-history":[{"count":12,"href":"https:\/\/www.educacionrural.org\/index.php?rest_route=\/wp\/v2\/pages\/4\/revisions"}],"predecessor-version":[{"id":589,"href":"https:\/\/www.educacionrural.org\/index.php?rest_route=\/wp\/v2\/pages\/4\/revisions\/589"}],"wp:attachment":[{"href":"https:\/\/www.educacionrural.org\/index.php?rest_route=%2Fwp%2Fv2%2Fmedia&parent=4"}],"curies":[{"name":"wp","href":"https:\/\/api.w.org\/{rel}","templated":true}]}}