{"id":466,"date":"2011-10-06T12:11:52","date_gmt":"2011-10-06T15:11:52","guid":{"rendered":"http:\/\/www.educacionrural.org\/?page_id=466"},"modified":"2013-04-08T22:35:18","modified_gmt":"2013-04-09T01:35:18","slug":"palabras-de-la-maestra-nelly-acasuso-latorre","status":"publish","type":"page","link":"https:\/\/www.educacionrural.org\/?page_id=466","title":{"rendered":"Palabras de la Maestra Nelly Acasuso Latorre"},"content":{"rendered":"<p>&nbsp;<\/p>\n<p>&nbsp;<\/p>\n<p>Autoridades de la Educaci\u00f3n, maestros, se\u00f1oras, se\u00f1ores:<\/p>\n<p>En 1971 \u201cel Consejo Nacional de Ense\u00f1anza Primaria y Normal se obliga a enajenar a la sociedad Cooperativa Instituto Cooperario de Educaci\u00f3n Rural y \u00e9sta se obliga a adquirir la propiedad y posesi\u00f3n del inmueble sito en la\u00a0 cuarta secci\u00f3n judicial de Montevideo empadronado con el N\u00ba.\u00a0 6272\u00a0 con frente al este a la calle r\u00edo Branco 1161\/63 entre Canelones y Maldonado\u00a0 por&#8230;.. (grabaci\u00f3n inaudible) &#8230;&#8230;. 2562 de fondo lindando al norte con el padr\u00f3n 6271, al oeste con el padr\u00f3n 6277 y\u00a0 al sur con los padrones 6273 y 6276, superficie 211 metros cuadrados y Cooperativa CICER se obliga a adquirir y enajenar al Consejo Nacional de Ense\u00f1anza Primaria y Normal\u00a0 la propiedad y posesi\u00f3n\u00a0 de un solar de terreno bald\u00edo ubicado en la 11\u00aa secci\u00f3n judicial del departamento de Montevideo empadronado con el N\u00ba 145033 compuesto de una superficie de 4114 metros con 26.<\/p>\n<p>El d\u00eda en que en dicho solar se coloca la piedra fundamental para la construcci\u00f3n del edificio escolar fue la \u00faltima vez que conversamos personalmente con el Maestro Homero Grillo.<\/p>\n<p>La celebraci\u00f3n en la zona fue un\u00e1nime. El Himno Nacional fue ejecutado por la banda de la Escuela privada Don Bosco situada frente a donde se instalar\u00eda la escuela p\u00fablica y la Comisi\u00f3n Vecinal procur\u00f3\u00a0 la presencia de autoridades y vecinos. Terminaba 1971.<\/p>\n<p>El compromiso de permuta se firm\u00f3 el 28 de diciembre. En ese lugar se construy\u00f3 la hoy escuela N\u00ba 227 de primer grado en el kil\u00f3metro 16\u00a0 de Camino Maldonado\u00a0\u00a0 e inauguramos el 12 de marzo de 1972\u00a0\u00a0 la primera parte del hermoso edificio consistente en cuatro aulas, ba\u00f1os, amplia galer\u00eda, sal\u00f3n de direcci\u00f3n, cl\u00ednica, espacioso hall y patio de recreo.<\/p>\n<p>Nuestro esfuerzo en tal logro fue posible debido a la agilitaci\u00f3n de tr\u00e1mites notariales por Homero Grillo y a la labor incansable de otro gran\u00a0 maestro: el arquitecto Rogelio Celli. Luego, en el propio 1972, se finaliz\u00f3 la construcci\u00f3n con la incorporaci\u00f3n\u00a0\u00a0 de ocho aulas, nuevas galer\u00edas, comedor escolar y otras bater\u00edas de ba\u00f1os.<\/p>\n<p>Sent\u00eda necesidad hoy\u00a0 de recordar la sensibilidad de Grillo, el di\u00e1logo franco, casi paternal de las m\u00faltiples jornadas compartidas con dicho prop\u00f3sito.<\/p>\n<p>Homero Grillo fue un sembrador.<br \/>\nSembrar es sin embargo uno de los m\u00e1s intensos goces de la vida. Al sembrador lo anima la ilusi\u00f3n y hay en su gesto, al lanzar la semilla con mano generosa, una amplitud que contrasta con el adem\u00e1n \u00e1vido del que recoge.<\/p>\n<p>Cuando Homero Grillo desempe\u00f1\u00f3 su hacer docente lo hizo con la autoridad que emanaba de su\u00a0 propia vida consagrada integralmente a la consecuci\u00f3n de un ideal cuyas realizaciones procur\u00f3 extender en la medida de todo lo posible.<\/p>\n<p>Junto a su recuerdo vivo leo estas l\u00edneas que Juan Ram\u00f3n Jim\u00e9nez escribi\u00f3 inspirado por el cuerpo yacente de Giner de los R\u00edos y las que Homero Grillo sin saberlo, sin pretenderlo, fue ganando para s\u00ed.<\/p>\n<p><em>\u201cEn el sitio que \u00e9l viv\u00eda\u00a0\u00a0 queda para siempre su imagen quieta como el cuerpo en la tumba. Ser\u00e1 el alma un d\u00eda sol, otro rosas, otro roc\u00edo en una eterna postrimer\u00eda de primavera cuyas hojas verde-oro nunca se llevar\u00e1 el polvo del invierno\u00bb<\/em><\/p>\n<p>1990\/12\/11<\/p>\n","protected":false},"excerpt":{"rendered":"<p>&nbsp; &nbsp; Autoridades de la Educaci\u00f3n, maestros, se\u00f1oras, se\u00f1ores: En 1971 \u201cel Consejo Nacional de Ense\u00f1anza Primaria y Normal se obliga a enajenar a la sociedad Cooperativa Instituto Cooperario de Educaci\u00f3n Rural y \u00e9sta se obliga a adquirir la propiedad y posesi\u00f3n del inmueble sito en la\u00a0 cuarta secci\u00f3n judicial de Montevideo empadronado con el &#8230; <a title=\"Palabras de la Maestra Nelly Acasuso Latorre\" class=\"read-more\" href=\"https:\/\/www.educacionrural.org\/?page_id=466\" aria-label=\"Leer m\u00e1s sobre Palabras de la Maestra Nelly Acasuso Latorre\">Leer m\u00e1s<\/a><\/p>\n","protected":false},"author":2,"featured_media":0,"parent":46,"menu_order":0,"comment_status":"closed","ping_status":"open","template":"","meta":{"footnotes":""},"class_list":["post-466","page","type-page","status-publish"],"_links":{"self":[{"href":"https:\/\/www.educacionrural.org\/index.php?rest_route=\/wp\/v2\/pages\/466","targetHints":{"allow":["GET"]}}],"collection":[{"href":"https:\/\/www.educacionrural.org\/index.php?rest_route=\/wp\/v2\/pages"}],"about":[{"href":"https:\/\/www.educacionrural.org\/index.php?rest_route=\/wp\/v2\/types\/page"}],"author":[{"embeddable":true,"href":"https:\/\/www.educacionrural.org\/index.php?rest_route=\/wp\/v2\/users\/2"}],"replies":[{"embeddable":true,"href":"https:\/\/www.educacionrural.org\/index.php?rest_route=%2Fwp%2Fv2%2Fcomments&post=466"}],"version-history":[{"count":7,"href":"https:\/\/www.educacionrural.org\/index.php?rest_route=\/wp\/v2\/pages\/466\/revisions"}],"predecessor-version":[{"id":1018,"href":"https:\/\/www.educacionrural.org\/index.php?rest_route=\/wp\/v2\/pages\/466\/revisions\/1018"}],"up":[{"embeddable":true,"href":"https:\/\/www.educacionrural.org\/index.php?rest_route=\/wp\/v2\/pages\/46"}],"wp:attachment":[{"href":"https:\/\/www.educacionrural.org\/index.php?rest_route=%2Fwp%2Fv2%2Fmedia&parent=466"}],"curies":[{"name":"wp","href":"https:\/\/api.w.org\/{rel}","templated":true}]}}